{"id":55,"date":"2025-09-12T13:54:22","date_gmt":"2025-09-12T13:54:22","guid":{"rendered":"http:\/\/perigord-in.fr\/?page_id=55"},"modified":"2025-11-07T14:41:35","modified_gmt":"2025-11-07T14:41:35","slug":"production-collective","status":"publish","type":"page","link":"https:\/\/perigord-in.fr\/index.php\/production-collective\/","title":{"rendered":"Production collective"},"content":{"rendered":"\t\t<div data-elementor-type=\"wp-page\" data-elementor-id=\"55\" class=\"elementor elementor-55\" data-elementor-settings=\"{&quot;ha_cmc_init_switcher&quot;:&quot;no&quot;}\">\n\t\t\t\t<div class=\"elementor-element elementor-element-3656356 e-con-full e-flex e-con e-parent\" data-id=\"3656356\" data-element_type=\"container\" data-settings=\"{&quot;background_background&quot;:&quot;classic&quot;,&quot;_ha_eqh_enable&quot;:false}\">\n\t\t<div class=\"elementor-element elementor-element-3057d67d e-flex e-con-boxed e-con e-child\" data-id=\"3057d67d\" data-element_type=\"container\" data-settings=\"{&quot;_ha_eqh_enable&quot;:false}\">\n\t\t\t\t\t<div class=\"e-con-inner\">\n\t\t\t\t<div class=\"elementor-element elementor-element-62751aa9 elementor-widget elementor-widget-heading\" data-id=\"62751aa9\" data-element_type=\"widget\" data-widget_type=\"heading.default\">\n\t\t\t\t\t<h2 class=\"elementor-heading-title elementor-size-default\">Production collective<\/h2>\t\t\t\t<\/div>\n\t\t\t\t\t<\/div>\n\t\t\t\t<\/div>\n\t\t\t\t<\/div>\n\t\t<div class=\"elementor-element elementor-element-79e2e6c e-flex e-con-boxed e-con e-parent\" data-id=\"79e2e6c\" data-element_type=\"container\" data-settings=\"{&quot;background_background&quot;:&quot;classic&quot;,&quot;_ha_eqh_enable&quot;:false}\">\n\t\t\t\t\t<div class=\"e-con-inner\">\n\t\t<div class=\"elementor-element elementor-element-4e30d792 e-con-full e-flex e-con e-child\" data-id=\"4e30d792\" data-element_type=\"container\" data-settings=\"{&quot;_ha_eqh_enable&quot;:false}\">\n\t\t<div class=\"elementor-element elementor-element-d9cb078 e-con-full e-flex e-con e-child\" data-id=\"d9cb078\" data-element_type=\"container\" data-settings=\"{&quot;_ha_eqh_enable&quot;:false}\">\n\t\t\t\t<div class=\"elementor-element elementor-element-7d1dee9 elementor-widget-divider--view-line elementor-widget elementor-widget-divider\" data-id=\"7d1dee9\" data-element_type=\"widget\" data-widget_type=\"divider.default\">\n\t\t\t\t\t\t\t<div class=\"elementor-divider\">\n\t\t\t<span class=\"elementor-divider-separator\">\n\t\t\t\t\t\t<\/span>\n\t\t<\/div>\n\t\t\t\t\t\t<\/div>\n\t\t\t\t<div class=\"elementor-element elementor-element-6f20d08 elementor-widget elementor-widget-heading\" data-id=\"6f20d08\" data-element_type=\"widget\" data-widget_type=\"heading.default\">\n\t\t\t\t\t<h2 class=\"elementor-heading-title elementor-size-default\">Sur le vif - L\u2019interview comme outil d\u2019expression et d\u2019investigation<\/h2>\t\t\t\t<\/div>\n\t\t\t\t<div class=\"elementor-element elementor-element-ca720d7 elementor-widget elementor-widget-heading\" data-id=\"ca720d7\" data-element_type=\"widget\" data-widget_type=\"heading.default\">\n\t\t\t\t\t<h3 class=\"elementor-heading-title elementor-size-default\">Objectifs p\u00e9dagogiques<\/h3>\t\t\t\t<\/div>\n\t\t\t\t<div class=\"elementor-element elementor-element-87ad4c3 elementor-widget elementor-widget-text-editor\" data-id=\"87ad4c3\" data-element_type=\"widget\" data-widget_type=\"text-editor.default\">\n\t\t\t\t\t\t\t\t\t<p><i>Atelier d\u2019\u00e9ducation aux m\u00e9dias dans lequel les participants endossent le r\u00f4le de journalistes. Ils d\u00e9couvrent les <\/i><i>diff\u00e9rents types d\u2019interviews (portrait, micro-trottoir, enqu\u00eate\u2026), choisissent un sujet d\u2019actualit\u00e9 et un interlocuteur, <\/i><i>pr\u00e9parent leurs questions, d\u00e9finissent une mise en sc\u00e8ne audio ou vid\u00e9o, puis r\u00e9alisent et valorisent leur interview.<\/i><\/p><p><strong>L\u2019atelier mobilise la p\u00e9dagogie active : les participants recherchent, questionnent, s\u2019expriment et produisent un contenu m\u00e9diatique : article de journal (en ligne ou papier), vid\u00e9o (tournage\/montage sur smartphone), d&#8217;un podcast&#8230;. Une immersion concr\u00e8te dans les coulisses du journalisme ! Le + : accompagnement aux concours : M\u00e9diatiks, Europorters, TropMytho&#8230;<span class=\"Apple-converted-space\">\u00a0<\/span><\/strong><\/p>\t\t\t\t\t\t\t\t<\/div>\n\t\t<div class=\"elementor-element elementor-element-5ce6f6c e-con-full e-flex e-con e-child\" data-id=\"5ce6f6c\" data-element_type=\"container\" data-settings=\"{&quot;background_background&quot;:&quot;classic&quot;,&quot;_ha_eqh_enable&quot;:false}\">\n\t\t\t\t<div class=\"elementor-element elementor-element-df4fdff elementor-widget elementor-widget-text-editor\" data-id=\"df4fdff\" data-element_type=\"widget\" data-widget_type=\"text-editor.default\">\n\t\t\t\t\t\t\t\t\t<p>Dur\u00e9e : 2h. Entre 4 \u00e0 6 s\u00e9ances recommand\u00e9es.<span class=\"Apple-converted-space\">\u00a0<br \/><strong>\u00c9ligible au Pass Culture. Devis sur demande.<\/strong><\/span><\/p>\t\t\t\t\t\t\t\t<\/div>\n\t\t\t\t<\/div>\n\t\t\t\t<\/div>\n\t\t<div class=\"elementor-element elementor-element-20d1f4e e-con-full e-flex e-con e-child\" data-id=\"20d1f4e\" data-element_type=\"container\" data-settings=\"{&quot;background_background&quot;:&quot;classic&quot;,&quot;_ha_eqh_enable&quot;:false}\">\n\t\t\t\t<\/div>\n\t\t\t\t<\/div>\n\t\t\t\t\t<\/div>\n\t\t\t\t<\/div>\n\t\t\t\t<\/div>\n\t\t","protected":false},"excerpt":{"rendered":"<p>Production collective Sur le vif &#8211; L\u2019interview comme outil d\u2019expression et d\u2019investigation Objectifs p\u00e9dagogiques Atelier d\u2019\u00e9ducation aux m\u00e9dias dans lequel [&hellip;]<\/p>\n","protected":false},"author":2,"featured_media":0,"parent":0,"menu_order":0,"comment_status":"closed","ping_status":"closed","template":"","meta":{"site-sidebar-layout":"no-sidebar","site-content-layout":"","ast-site-content-layout":"full-width-container","site-content-style":"default","site-sidebar-style":"default","ast-global-header-display":"","ast-banner-title-visibility":"","ast-main-header-display":"","ast-hfb-above-header-display":"","ast-hfb-below-header-display":"","ast-hfb-mobile-header-display":"","site-post-title":"disabled","ast-breadcrumbs-content":"","ast-featured-img":"disabled","footer-sml-layout":"","theme-transparent-header-meta":"","adv-header-id-meta":"","stick-header-meta":"","header-above-stick-meta":"","header-main-stick-meta":"","header-below-stick-meta":"","astra-migrate-meta-layouts":"default","ast-page-background-enabled":"default","ast-page-background-meta":{"desktop":{"background-color":"var(--ast-global-color-5)","background-image":"","background-repeat":"repeat","background-position":"center center","background-size":"auto","background-attachment":"scroll","background-type":"","background-media":"","overlay-type":"","overlay-color":"","overlay-opacity":"","overlay-gradient":""},"tablet":{"background-color":"","background-image":"","background-repeat":"repeat","background-position":"center center","background-size":"auto","background-attachment":"scroll","background-type":"","background-media":"","overlay-type":"","overlay-color":"","overlay-opacity":"","overlay-gradient":""},"mobile":{"background-color":"","background-image":"","background-repeat":"repeat","background-position":"center center","background-size":"auto","background-attachment":"scroll","background-type":"","background-media":"","overlay-type":"","overlay-color":"","overlay-opacity":"","overlay-gradient":""}},"ast-content-background-meta":{"desktop":{"background-color":"var(--ast-global-color-4)","background-image":"","background-repeat":"repeat","background-position":"center center","background-size":"auto","background-attachment":"scroll","background-type":"","background-media":"","overlay-type":"","overlay-color":"","overlay-opacity":"","overlay-gradient":""},"tablet":{"background-color":"var(--ast-global-color-4)","background-image":"","background-repeat":"repeat","background-position":"center center","background-size":"auto","background-attachment":"scroll","background-type":"","background-media":"","overlay-type":"","overlay-color":"","overlay-opacity":"","overlay-gradient":""},"mobile":{"background-color":"var(--ast-global-color-4)","background-image":"","background-repeat":"repeat","background-position":"center center","background-size":"auto","background-attachment":"scroll","background-type":"","background-media":"","overlay-type":"","overlay-color":"","overlay-opacity":"","overlay-gradient":""}},"footnotes":""},"class_list":["post-55","page","type-page","status-publish","hentry"],"yoast_head":"<!-- This site is optimized with the Yoast SEO plugin v25.6 - https:\/\/yoast.com\/wordpress\/plugins\/seo\/ -->\n<title>Production collective - Perigord&#039;In<\/title>\n<meta name=\"robots\" content=\"index, follow, max-snippet:-1, max-image-preview:large, max-video-preview:-1\" \/>\n<link rel=\"canonical\" href=\"http:\/\/perigord-in.fr\/index.php\/production-collective\/\" \/>\n<meta property=\"og:locale\" content=\"en_US\" \/>\n<meta property=\"og:type\" content=\"article\" \/>\n<meta property=\"og:title\" content=\"Production collective - Perigord&#039;In\" \/>\n<meta property=\"og:description\" content=\"Production collective Sur le vif &#8211; L\u2019interview comme outil d\u2019expression et d\u2019investigation Objectifs p\u00e9dagogiques Atelier d\u2019\u00e9ducation aux m\u00e9dias dans lequel [&hellip;]\" \/>\n<meta property=\"og:url\" content=\"http:\/\/perigord-in.fr\/index.php\/production-collective\/\" \/>\n<meta property=\"og:site_name\" content=\"Perigord&#039;In\" \/>\n<meta property=\"article:modified_time\" content=\"2025-11-07T14:41:35+00:00\" \/>\n<meta name=\"twitter:card\" content=\"summary_large_image\" \/>\n<meta name=\"twitter:label1\" content=\"Est. reading time\" \/>\n\t<meta name=\"twitter:data1\" content=\"1 minute\" \/>\n<script type=\"application\/ld+json\" class=\"yoast-schema-graph\">{\"@context\":\"https:\/\/schema.org\",\"@graph\":[{\"@type\":\"WebPage\",\"@id\":\"http:\/\/perigord-in.fr\/index.php\/production-collective\/\",\"url\":\"http:\/\/perigord-in.fr\/index.php\/production-collective\/\",\"name\":\"Production collective - Perigord&#039;In\",\"isPartOf\":{\"@id\":\"http:\/\/perigord-in.fr\/#website\"},\"datePublished\":\"2025-09-12T13:54:22+00:00\",\"dateModified\":\"2025-11-07T14:41:35+00:00\",\"breadcrumb\":{\"@id\":\"http:\/\/perigord-in.fr\/index.php\/production-collective\/#breadcrumb\"},\"inLanguage\":\"en-US\",\"potentialAction\":[{\"@type\":\"ReadAction\",\"target\":[\"http:\/\/perigord-in.fr\/index.php\/production-collective\/\"]}]},{\"@type\":\"BreadcrumbList\",\"@id\":\"http:\/\/perigord-in.fr\/index.php\/production-collective\/#breadcrumb\",\"itemListElement\":[{\"@type\":\"ListItem\",\"position\":1,\"name\":\"Home\",\"item\":\"http:\/\/perigord-in.fr\/\"},{\"@type\":\"ListItem\",\"position\":2,\"name\":\"Production collective\"}]},{\"@type\":\"WebSite\",\"@id\":\"http:\/\/perigord-in.fr\/#website\",\"url\":\"http:\/\/perigord-in.fr\/\",\"name\":\"Perigord&#039;In\",\"description\":\"\",\"publisher\":{\"@id\":\"http:\/\/perigord-in.fr\/#organization\"},\"potentialAction\":[{\"@type\":\"SearchAction\",\"target\":{\"@type\":\"EntryPoint\",\"urlTemplate\":\"http:\/\/perigord-in.fr\/?s={search_term_string}\"},\"query-input\":{\"@type\":\"PropertyValueSpecification\",\"valueRequired\":true,\"valueName\":\"search_term_string\"}}],\"inLanguage\":\"en-US\"},{\"@type\":\"Organization\",\"@id\":\"http:\/\/perigord-in.fr\/#organization\",\"name\":\"Perigord&#039;In\",\"url\":\"http:\/\/perigord-in.fr\/\",\"logo\":{\"@type\":\"ImageObject\",\"inLanguage\":\"en-US\",\"@id\":\"http:\/\/perigord-in.fr\/#\/schema\/logo\/image\/\",\"url\":\"https:\/\/perigord-in.fr\/wp-content\/uploads\/2025\/10\/cropped-PX-baseline@2x-scaled-1.png\",\"contentUrl\":\"https:\/\/perigord-in.fr\/wp-content\/uploads\/2025\/10\/cropped-PX-baseline@2x-scaled-1.png\",\"width\":2560,\"height\":854,\"caption\":\"Perigord&#039;In\"},\"image\":{\"@id\":\"http:\/\/perigord-in.fr\/#\/schema\/logo\/image\/\"}}]}<\/script>\n<!-- \/ Yoast SEO plugin. -->","yoast_head_json":{"title":"Production collective - Perigord&#039;In","robots":{"index":"index","follow":"follow","max-snippet":"max-snippet:-1","max-image-preview":"max-image-preview:large","max-video-preview":"max-video-preview:-1"},"canonical":"http:\/\/perigord-in.fr\/index.php\/production-collective\/","og_locale":"en_US","og_type":"article","og_title":"Production collective - Perigord&#039;In","og_description":"Production collective Sur le vif &#8211; L\u2019interview comme outil d\u2019expression et d\u2019investigation Objectifs p\u00e9dagogiques Atelier d\u2019\u00e9ducation aux m\u00e9dias dans lequel [&hellip;]","og_url":"http:\/\/perigord-in.fr\/index.php\/production-collective\/","og_site_name":"Perigord&#039;In","article_modified_time":"2025-11-07T14:41:35+00:00","twitter_card":"summary_large_image","twitter_misc":{"Est. reading time":"1 minute"},"schema":{"@context":"https:\/\/schema.org","@graph":[{"@type":"WebPage","@id":"http:\/\/perigord-in.fr\/index.php\/production-collective\/","url":"http:\/\/perigord-in.fr\/index.php\/production-collective\/","name":"Production collective - Perigord&#039;In","isPartOf":{"@id":"http:\/\/perigord-in.fr\/#website"},"datePublished":"2025-09-12T13:54:22+00:00","dateModified":"2025-11-07T14:41:35+00:00","breadcrumb":{"@id":"http:\/\/perigord-in.fr\/index.php\/production-collective\/#breadcrumb"},"inLanguage":"en-US","potentialAction":[{"@type":"ReadAction","target":["http:\/\/perigord-in.fr\/index.php\/production-collective\/"]}]},{"@type":"BreadcrumbList","@id":"http:\/\/perigord-in.fr\/index.php\/production-collective\/#breadcrumb","itemListElement":[{"@type":"ListItem","position":1,"name":"Home","item":"http:\/\/perigord-in.fr\/"},{"@type":"ListItem","position":2,"name":"Production collective"}]},{"@type":"WebSite","@id":"http:\/\/perigord-in.fr\/#website","url":"http:\/\/perigord-in.fr\/","name":"Perigord&#039;In","description":"","publisher":{"@id":"http:\/\/perigord-in.fr\/#organization"},"potentialAction":[{"@type":"SearchAction","target":{"@type":"EntryPoint","urlTemplate":"http:\/\/perigord-in.fr\/?s={search_term_string}"},"query-input":{"@type":"PropertyValueSpecification","valueRequired":true,"valueName":"search_term_string"}}],"inLanguage":"en-US"},{"@type":"Organization","@id":"http:\/\/perigord-in.fr\/#organization","name":"Perigord&#039;In","url":"http:\/\/perigord-in.fr\/","logo":{"@type":"ImageObject","inLanguage":"en-US","@id":"http:\/\/perigord-in.fr\/#\/schema\/logo\/image\/","url":"https:\/\/perigord-in.fr\/wp-content\/uploads\/2025\/10\/cropped-PX-baseline@2x-scaled-1.png","contentUrl":"https:\/\/perigord-in.fr\/wp-content\/uploads\/2025\/10\/cropped-PX-baseline@2x-scaled-1.png","width":2560,"height":854,"caption":"Perigord&#039;In"},"image":{"@id":"http:\/\/perigord-in.fr\/#\/schema\/logo\/image\/"}}]}},"_links":{"self":[{"href":"https:\/\/perigord-in.fr\/index.php\/wp-json\/wp\/v2\/pages\/55","targetHints":{"allow":["GET"]}}],"collection":[{"href":"https:\/\/perigord-in.fr\/index.php\/wp-json\/wp\/v2\/pages"}],"about":[{"href":"https:\/\/perigord-in.fr\/index.php\/wp-json\/wp\/v2\/types\/page"}],"author":[{"embeddable":true,"href":"https:\/\/perigord-in.fr\/index.php\/wp-json\/wp\/v2\/users\/2"}],"replies":[{"embeddable":true,"href":"https:\/\/perigord-in.fr\/index.php\/wp-json\/wp\/v2\/comments?post=55"}],"version-history":[{"count":7,"href":"https:\/\/perigord-in.fr\/index.php\/wp-json\/wp\/v2\/pages\/55\/revisions"}],"predecessor-version":[{"id":177,"href":"https:\/\/perigord-in.fr\/index.php\/wp-json\/wp\/v2\/pages\/55\/revisions\/177"}],"wp:attachment":[{"href":"https:\/\/perigord-in.fr\/index.php\/wp-json\/wp\/v2\/media?parent=55"}],"curies":[{"name":"wp","href":"https:\/\/api.w.org\/{rel}","templated":true}]}}