{"id":34,"date":"2025-09-12T13:44:17","date_gmt":"2025-09-12T13:44:17","guid":{"rendered":"https:\/\/perigord-in.fr\/?page_id=34"},"modified":"2025-10-01T16:48:06","modified_gmt":"2025-10-01T16:48:06","slug":"accueil","status":"publish","type":"page","link":"http:\/\/perigord-in.fr\/","title":{"rendered":"Accueil"},"content":{"rendered":"\t\t<div data-elementor-type=\"wp-page\" data-elementor-id=\"34\" class=\"elementor elementor-34\" data-elementor-settings=\"{&quot;ha_cmc_init_switcher&quot;:&quot;no&quot;}\">\n\t\t\t\t<div class=\"elementor-element elementor-element-2e3c78f e-con-full e-flex elementor-invisible e-con e-parent\" data-id=\"2e3c78f\" data-element_type=\"container\" data-settings=\"{&quot;background_background&quot;:&quot;classic&quot;,&quot;animation&quot;:&quot;fadeInUp&quot;,&quot;_ha_eqh_enable&quot;:false}\">\n\t\t<div class=\"elementor-element elementor-element-ba427b5 e-flex e-con-boxed e-con e-child\" data-id=\"ba427b5\" data-element_type=\"container\" data-settings=\"{&quot;_ha_eqh_enable&quot;:false}\">\n\t\t\t\t\t<div class=\"e-con-inner\">\n\t\t\t\t<div class=\"elementor-element elementor-element-4fc3232 elementor-widget elementor-widget-heading\" data-id=\"4fc3232\" data-element_type=\"widget\" data-widget_type=\"heading.default\">\n\t\t\t\t\t<h2 class=\"elementor-heading-title elementor-size-default\">Ateliers d\u2019\u00e9ducation aux m\u00e9dias et \u00e0 l\u2019information<\/h2>\t\t\t\t<\/div>\n\t\t\t\t<div class=\"elementor-element elementor-element-0b2289f elementor-widget elementor-widget-heading\" data-id=\"0b2289f\" data-element_type=\"widget\" data-widget_type=\"heading.default\">\n\t\t\t\t\t<h2 class=\"elementor-heading-title elementor-size-default\">Vivre une pratique citoyenne des m\u00e9dias<\/h2>\t\t\t\t<\/div>\n\t\t\t\t\t<\/div>\n\t\t\t\t<\/div>\n\t\t\t\t<\/div>\n\t\t<div class=\"elementor-element elementor-element-54c0101 e-con-full e-flex e-con e-parent\" data-id=\"54c0101\" data-element_type=\"container\" data-settings=\"{&quot;background_background&quot;:&quot;classic&quot;,&quot;_ha_eqh_enable&quot;:false}\">\n\t\t<div class=\"elementor-element elementor-element-eedfb3a e-flex e-con-boxed e-con e-child\" data-id=\"eedfb3a\" data-element_type=\"container\" data-settings=\"{&quot;_ha_eqh_enable&quot;:false}\">\n\t\t\t\t\t<div class=\"e-con-inner\">\n\t\t\t\t<div class=\"elementor-element elementor-element-880ca14 elementor-widget elementor-widget-heading\" data-id=\"880ca14\" data-element_type=\"widget\" data-widget_type=\"heading.default\">\n\t\t\t\t\t<h2 class=\"elementor-heading-title elementor-size-default\">\u00c0 l\u2019heure o\u00f9 les infox circulent plus vite que le bon sens, o\u00f9 les algorithmes nous enferment dans des bulles, il devient urgent de retisser du lien avec l\u2019information\u2026 vraie, proche, vivante.<\/h2>\t\t\t\t<\/div>\n\t\t<div class=\"elementor-element elementor-element-5e5bcb6 e-con-full e-flex e-con e-child\" data-id=\"5e5bcb6\" data-element_type=\"container\" data-settings=\"{&quot;_ha_eqh_enable&quot;:false}\">\n\t\t\t\t<div class=\"elementor-element elementor-element-e64d92d elementor-widget elementor-widget-text-editor\" data-id=\"e64d92d\" data-element_type=\"widget\" data-widget_type=\"text-editor.default\">\n\t\t\t\t\t\t\t\t\t<p class=\"p1\">Les ateliers propos\u00e9s par P\u00e9rigord\u2019in sensibilisent \u00e0 la fabrique de l\u2019info et aux enjeux de la d\u00e9sinformation. Ils visent \u00e0 comprendre comment na\u00eet une actualit\u00e9, qui la produit, pourquoi, et comment la d\u00e9crypter.<\/p><p class=\"p1\">Parce qu\u2019en redonnant du sens \u00e0 ce qui se passe ici, autour de soi, on d\u00e9veloppe l\u2019esprit critique n\u00e9cessaire pour comprendre ce qui se passe ailleurs, dans le grand fracas du monde num\u00e9rique.<\/p><p class=\"p1\">Lutter contre la d\u00e9sinformation, \u00e7a commence par apprendre \u00e0 s\u2019informer. Ensemble, au plus pr\u00e8s du r\u00e9el. P\u00e9rigord&#8217;in, c\u2019est une boussole dans la jungle num\u00e9rique, un jardin d\u2019info cultiv\u00e9 en circuit court !<\/p>\t\t\t\t\t\t\t\t<\/div>\n\t\t<div class=\"elementor-element elementor-element-83055c9 e-con-full e-flex e-con e-child\" data-id=\"83055c9\" data-element_type=\"container\" data-settings=\"{&quot;_ha_eqh_enable&quot;:false}\">\n\t\t\t\t<div class=\"elementor-element elementor-element-011d311 elementor-widget elementor-widget-image\" data-id=\"011d311\" data-element_type=\"widget\" data-widget_type=\"image.default\">\n\t\t\t\t\t\t\t\t\t\t\t\t\t\t\t<img fetchpriority=\"high\" decoding=\"async\" width=\"1024\" height=\"768\" src=\"https:\/\/perigord-in.fr\/wp-content\/uploads\/2025\/08\/intervention-onde-porteuse-1024x768.jpeg\" class=\"attachment-large size-large wp-image-8\" alt=\"\" srcset=\"https:\/\/perigord-in.fr\/wp-content\/uploads\/2025\/08\/intervention-onde-porteuse-1024x768.jpeg 1024w, https:\/\/perigord-in.fr\/wp-content\/uploads\/2025\/08\/intervention-onde-porteuse-300x225.jpeg 300w, https:\/\/perigord-in.fr\/wp-content\/uploads\/2025\/08\/intervention-onde-porteuse-768x576.jpeg 768w, https:\/\/perigord-in.fr\/wp-content\/uploads\/2025\/08\/intervention-onde-porteuse-1536x1152.jpeg 1536w, https:\/\/perigord-in.fr\/wp-content\/uploads\/2025\/08\/intervention-onde-porteuse-2048x1536.jpeg 2048w\" sizes=\"(max-width: 1024px) 100vw, 1024px\" \/>\t\t\t\t\t\t\t\t\t\t\t\t\t\t\t<\/div>\n\t\t\t\t<\/div>\n\t\t\t\t<\/div>\n\t\t\t\t\t<\/div>\n\t\t\t\t<\/div>\n\t\t\t\t<\/div>\n\t\t<div class=\"elementor-element elementor-element-a721cdb e-flex e-con-boxed e-con e-parent\" data-id=\"a721cdb\" data-element_type=\"container\" data-settings=\"{&quot;_ha_eqh_enable&quot;:false}\">\n\t\t\t\t\t<div class=\"e-con-inner\">\n\t\t<div class=\"elementor-element elementor-element-bc2fea3 e-con-full e-flex e-con e-child\" data-id=\"bc2fea3\" data-element_type=\"container\" data-settings=\"{&quot;_ha_eqh_enable&quot;:false}\">\n\t\t\t\t<div class=\"elementor-element elementor-element-0c2d30d elementor-widget elementor-widget-text-editor\" data-id=\"0c2d30d\" data-element_type=\"widget\" data-widget_type=\"text-editor.default\">\n\t\t\t\t\t\t\t\t\t<h2 class=\"p1\"><span style=\"vertical-align: inherit;\"><span style=\"vertical-align: inherit;\"><span style=\"vertical-align: inherit;\"><span style=\"vertical-align: inherit;\">P\u00e9rigord&#8217;in est une enseigne de Coop&#8217;Alpha, structure de l&#8217;\u00e9conomie sociale et solidaire.<\/span><\/span><\/span><\/span><\/h2>\t\t\t\t\t\t\t\t<\/div>\n\t\t\t\t<div class=\"elementor-element elementor-element-11fecaf elementor-widget elementor-widget-text-editor\" data-id=\"11fecaf\" data-element_type=\"widget\" data-widget_type=\"text-editor.default\">\n\t\t\t\t\t\t\t\t\t<p class=\"p1\">Situ\u00e9e dans le Grand P\u00e9rigueux, elle intervient en Dordogne, et dans les d\u00e9partements voisins : Gironde, Charente, Haute-Vienne, Corr\u00e8ze.<\/p>\t\t\t\t\t\t\t\t<\/div>\n\t\t\t\t<\/div>\n\t\t<div class=\"elementor-element elementor-element-a418beb e-con-full e-flex e-con e-child\" data-id=\"a418beb\" data-element_type=\"container\" data-settings=\"{&quot;_ha_eqh_enable&quot;:false}\">\n\t\t\t\t<div class=\"elementor-element elementor-element-99d7d19 elementor-widget elementor-widget-image\" data-id=\"99d7d19\" data-element_type=\"widget\" data-widget_type=\"image.default\">\n\t\t\t\t\t\t\t\t\t\t\t\t\t\t\t\t<a href=\"https:\/\/www.coopalpha.coop\/qui-sommes-nous\/les-enseignes\/enseigne\/?id=99&#038;enseigne_name=P%C3%A9rigord%27in\">\n\t\t\t\t\t\t\t<img decoding=\"async\" width=\"338\" height=\"154\" src=\"https:\/\/perigord-in.fr\/wp-content\/uploads\/2025\/09\/Capture-decran-2025-09-12-a-16.23.03.png\" class=\"attachment-large size-large wp-image-84\" alt=\"\" srcset=\"https:\/\/perigord-in.fr\/wp-content\/uploads\/2025\/09\/Capture-decran-2025-09-12-a-16.23.03.png 338w, https:\/\/perigord-in.fr\/wp-content\/uploads\/2025\/09\/Capture-decran-2025-09-12-a-16.23.03-300x137.png 300w\" sizes=\"(max-width: 338px) 100vw, 338px\" \/>\t\t\t\t\t\t\t\t<\/a>\n\t\t\t\t\t\t\t\t\t\t\t\t\t\t\t<\/div>\n\t\t\t\t<\/div>\n\t\t\t\t\t<\/div>\n\t\t\t\t<\/div>\n\t\t<div class=\"elementor-element elementor-element-f73b568 e-con-full e-flex e-con e-parent\" data-id=\"f73b568\" data-element_type=\"container\" data-settings=\"{&quot;_ha_eqh_enable&quot;:false}\">\n\t\t<div data-ha-element-link=\"{&quot;url&quot;:&quot;http:\\\/\\\/perigord-in.fr\\\/index.php\\\/ateliers-cles-en-main\\\/&quot;,&quot;is_external&quot;:&quot;&quot;,&quot;nofollow&quot;:&quot;&quot;}\" style=\"cursor: pointer\" class=\"elementor-element elementor-element-40f86ea e-con-full e-flex e-con e-child\" data-id=\"40f86ea\" data-element_type=\"container\" data-settings=\"{&quot;background_background&quot;:&quot;classic&quot;,&quot;_ha_eqh_enable&quot;:false}\">\n\t\t\t\t<div class=\"elementor-element elementor-element-8cdc00f elementor-widget elementor-widget-heading\" data-id=\"8cdc00f\" data-element_type=\"widget\" data-widget_type=\"heading.default\">\n\t\t\t\t\t<h2 class=\"elementor-heading-title elementor-size-default\">Ateliers <br>cl\u00e9s en main<\/h2>\t\t\t\t<\/div>\n\t\t\t\t<\/div>\n\t\t<div data-ha-element-link=\"{&quot;url&quot;:&quot;http:\\\/\\\/perigord-in.fr\\\/index.php\\\/medialab-mobile\\\/&quot;,&quot;is_external&quot;:&quot;&quot;,&quot;nofollow&quot;:&quot;&quot;}\" style=\"cursor: pointer\" class=\"elementor-element elementor-element-0a3a6c5 e-con-full e-flex e-con e-child\" data-id=\"0a3a6c5\" data-element_type=\"container\" data-settings=\"{&quot;background_background&quot;:&quot;classic&quot;,&quot;_ha_eqh_enable&quot;:false}\">\n\t\t\t\t<div class=\"elementor-element elementor-element-2515eed elementor-widget elementor-widget-heading\" data-id=\"2515eed\" data-element_type=\"widget\" data-widget_type=\"heading.default\">\n\t\t\t\t\t<h2 class=\"elementor-heading-title elementor-size-default\">MediaLab<br> mobile<\/h2>\t\t\t\t<\/div>\n\t\t\t\t<\/div>\n\t\t<div data-ha-element-link=\"{&quot;url&quot;:&quot;http:\\\/\\\/perigord-in.fr\\\/index.php\\\/production-collective\\\/&quot;,&quot;is_external&quot;:&quot;&quot;,&quot;nofollow&quot;:&quot;&quot;}\" style=\"cursor: pointer\" class=\"elementor-element elementor-element-00ed66a e-con-full e-flex e-con e-child\" data-id=\"00ed66a\" data-element_type=\"container\" data-settings=\"{&quot;background_background&quot;:&quot;classic&quot;,&quot;_ha_eqh_enable&quot;:false}\">\n\t\t\t\t<div class=\"elementor-element elementor-element-4a8c608 elementor-widget elementor-widget-heading\" data-id=\"4a8c608\" data-element_type=\"widget\" data-widget_type=\"heading.default\">\n\t\t\t\t\t<h2 class=\"elementor-heading-title elementor-size-default\">Production <br>collective<\/h2>\t\t\t\t<\/div>\n\t\t\t\t<\/div>\n\t\t<div data-ha-element-link=\"{&quot;url&quot;:&quot;http:\\\/\\\/perigord-in.fr\\\/index.php\\\/les-invites\\\/&quot;,&quot;is_external&quot;:&quot;&quot;,&quot;nofollow&quot;:&quot;&quot;}\" style=\"cursor: pointer\" class=\"elementor-element elementor-element-0397050 e-con-full e-flex e-con e-child\" data-id=\"0397050\" data-element_type=\"container\" data-settings=\"{&quot;background_background&quot;:&quot;classic&quot;,&quot;_ha_eqh_enable&quot;:false}\">\n\t\t\t\t<div class=\"elementor-element elementor-element-ec0b236 elementor-widget elementor-widget-heading\" data-id=\"ec0b236\" data-element_type=\"widget\" data-widget_type=\"heading.default\">\n\t\t\t\t\t<h2 class=\"elementor-heading-title elementor-size-default\">Les invit\u00e9s<\/h2>\t\t\t\t<\/div>\n\t\t\t\t<\/div>\n\t\t\t\t<\/div>\n\t\t\t\t<\/div>\n\t\t","protected":false},"excerpt":{"rendered":"<p>Ateliers d\u2019\u00e9ducation aux m\u00e9dias et \u00e0 l\u2019information Vivre une pratique citoyenne des m\u00e9dias \u00c0 l\u2019heure o\u00f9 les infox circulent plus [&hellip;]<\/p>\n","protected":false},"author":2,"featured_media":0,"parent":0,"menu_order":0,"comment_status":"closed","ping_status":"closed","template":"","meta":{"site-sidebar-layout":"no-sidebar","site-content-layout":"","ast-site-content-layout":"full-width-container","site-content-style":"default","site-sidebar-style":"default","ast-global-header-display":"","ast-banner-title-visibility":"","ast-main-header-display":"","ast-hfb-above-header-display":"","ast-hfb-below-header-display":"","ast-hfb-mobile-header-display":"","site-post-title":"disabled","ast-breadcrumbs-content":"","ast-featured-img":"disabled","footer-sml-layout":"","theme-transparent-header-meta":"","adv-header-id-meta":"","stick-header-meta":"","header-above-stick-meta":"","header-main-stick-meta":"","header-below-stick-meta":"","astra-migrate-meta-layouts":"default","ast-page-background-enabled":"default","ast-page-background-meta":{"desktop":{"background-color":"var(--ast-global-color-5)","background-image":"","background-repeat":"repeat","background-position":"center center","background-size":"auto","background-attachment":"scroll","background-type":"","background-media":"","overlay-type":"","overlay-color":"","overlay-opacity":"","overlay-gradient":""},"tablet":{"background-color":"","background-image":"","background-repeat":"repeat","background-position":"center center","background-size":"auto","background-attachment":"scroll","background-type":"","background-media":"","overlay-type":"","overlay-color":"","overlay-opacity":"","overlay-gradient":""},"mobile":{"background-color":"","background-image":"","background-repeat":"repeat","background-position":"center center","background-size":"auto","background-attachment":"scroll","background-type":"","background-media":"","overlay-type":"","overlay-color":"","overlay-opacity":"","overlay-gradient":""}},"ast-content-background-meta":{"desktop":{"background-color":"var(--ast-global-color-4)","background-image":"","background-repeat":"repeat","background-position":"center center","background-size":"auto","background-attachment":"scroll","background-type":"","background-media":"","overlay-type":"","overlay-color":"","overlay-opacity":"","overlay-gradient":""},"tablet":{"background-color":"var(--ast-global-color-4)","background-image":"","background-repeat":"repeat","background-position":"center center","background-size":"auto","background-attachment":"scroll","background-type":"","background-media":"","overlay-type":"","overlay-color":"","overlay-opacity":"","overlay-gradient":""},"mobile":{"background-color":"var(--ast-global-color-4)","background-image":"","background-repeat":"repeat","background-position":"center center","background-size":"auto","background-attachment":"scroll","background-type":"","background-media":"","overlay-type":"","overlay-color":"","overlay-opacity":"","overlay-gradient":""}},"footnotes":""},"class_list":["post-34","page","type-page","status-publish","hentry"],"yoast_head":"<!-- This site is optimized with the Yoast SEO plugin v25.6 - https:\/\/yoast.com\/wordpress\/plugins\/seo\/ -->\n<title>Accueil - Perigord&#039;In<\/title>\n<meta name=\"robots\" content=\"index, follow, max-snippet:-1, max-image-preview:large, max-video-preview:-1\" \/>\n<link rel=\"canonical\" href=\"http:\/\/perigord-in.fr\/\" \/>\n<meta property=\"og:locale\" content=\"en_US\" \/>\n<meta property=\"og:type\" content=\"article\" \/>\n<meta property=\"og:title\" content=\"Accueil - Perigord&#039;In\" \/>\n<meta property=\"og:description\" content=\"Ateliers d\u2019\u00e9ducation aux m\u00e9dias et \u00e0 l\u2019information Vivre une pratique citoyenne des m\u00e9dias \u00c0 l\u2019heure o\u00f9 les infox circulent plus [&hellip;]\" \/>\n<meta property=\"og:url\" content=\"http:\/\/perigord-in.fr\/\" \/>\n<meta property=\"og:site_name\" content=\"Perigord&#039;In\" \/>\n<meta property=\"article:modified_time\" content=\"2025-10-01T16:48:06+00:00\" \/>\n<meta property=\"og:image\" content=\"http:\/\/perigord-in.fr\/wp-content\/uploads\/2025\/08\/intervention-onde-porteuse-1024x768.jpeg\" \/>\n<meta name=\"twitter:card\" content=\"summary_large_image\" \/>\n<meta name=\"twitter:label1\" content=\"Est. reading time\" \/>\n\t<meta name=\"twitter:data1\" content=\"1 minute\" \/>\n<script type=\"application\/ld+json\" class=\"yoast-schema-graph\">{\"@context\":\"https:\/\/schema.org\",\"@graph\":[{\"@type\":\"WebPage\",\"@id\":\"http:\/\/perigord-in.fr\/\",\"url\":\"http:\/\/perigord-in.fr\/\",\"name\":\"Accueil - Perigord&#039;In\",\"isPartOf\":{\"@id\":\"http:\/\/perigord-in.fr\/#website\"},\"primaryImageOfPage\":{\"@id\":\"http:\/\/perigord-in.fr\/#primaryimage\"},\"image\":{\"@id\":\"http:\/\/perigord-in.fr\/#primaryimage\"},\"thumbnailUrl\":\"http:\/\/perigord-in.fr\/wp-content\/uploads\/2025\/08\/intervention-onde-porteuse-1024x768.jpeg\",\"datePublished\":\"2025-09-12T13:44:17+00:00\",\"dateModified\":\"2025-10-01T16:48:06+00:00\",\"breadcrumb\":{\"@id\":\"http:\/\/perigord-in.fr\/#breadcrumb\"},\"inLanguage\":\"en-US\",\"potentialAction\":[{\"@type\":\"ReadAction\",\"target\":[\"http:\/\/perigord-in.fr\/\"]}]},{\"@type\":\"ImageObject\",\"inLanguage\":\"en-US\",\"@id\":\"http:\/\/perigord-in.fr\/#primaryimage\",\"url\":\"http:\/\/perigord-in.fr\/wp-content\/uploads\/2025\/08\/intervention-onde-porteuse-scaled.jpeg\",\"contentUrl\":\"http:\/\/perigord-in.fr\/wp-content\/uploads\/2025\/08\/intervention-onde-porteuse-scaled.jpeg\",\"width\":2560,\"height\":1920},{\"@type\":\"BreadcrumbList\",\"@id\":\"http:\/\/perigord-in.fr\/#breadcrumb\",\"itemListElement\":[{\"@type\":\"ListItem\",\"position\":1,\"name\":\"Home\",\"item\":\"http:\/\/perigord-in.fr\/\"},{\"@type\":\"ListItem\",\"position\":2,\"name\":\"Accueil\"}]},{\"@type\":\"WebSite\",\"@id\":\"http:\/\/perigord-in.fr\/#website\",\"url\":\"http:\/\/perigord-in.fr\/\",\"name\":\"Perigord&#039;In\",\"description\":\"\",\"publisher\":{\"@id\":\"http:\/\/perigord-in.fr\/#organization\"},\"potentialAction\":[{\"@type\":\"SearchAction\",\"target\":{\"@type\":\"EntryPoint\",\"urlTemplate\":\"http:\/\/perigord-in.fr\/?s={search_term_string}\"},\"query-input\":{\"@type\":\"PropertyValueSpecification\",\"valueRequired\":true,\"valueName\":\"search_term_string\"}}],\"inLanguage\":\"en-US\"},{\"@type\":\"Organization\",\"@id\":\"http:\/\/perigord-in.fr\/#organization\",\"name\":\"Perigord&#039;In\",\"url\":\"http:\/\/perigord-in.fr\/\",\"logo\":{\"@type\":\"ImageObject\",\"inLanguage\":\"en-US\",\"@id\":\"http:\/\/perigord-in.fr\/#\/schema\/logo\/image\/\",\"url\":\"http:\/\/perigord-in.fr\/wp-content\/uploads\/2025\/10\/cropped-PX-baseline@2x-scaled-1.png\",\"contentUrl\":\"http:\/\/perigord-in.fr\/wp-content\/uploads\/2025\/10\/cropped-PX-baseline@2x-scaled-1.png\",\"width\":2560,\"height\":854,\"caption\":\"Perigord&#039;In\"},\"image\":{\"@id\":\"http:\/\/perigord-in.fr\/#\/schema\/logo\/image\/\"}}]}<\/script>\n<!-- \/ Yoast SEO plugin. -->","yoast_head_json":{"title":"Accueil - Perigord&#039;In","robots":{"index":"index","follow":"follow","max-snippet":"max-snippet:-1","max-image-preview":"max-image-preview:large","max-video-preview":"max-video-preview:-1"},"canonical":"http:\/\/perigord-in.fr\/","og_locale":"en_US","og_type":"article","og_title":"Accueil - Perigord&#039;In","og_description":"Ateliers d\u2019\u00e9ducation aux m\u00e9dias et \u00e0 l\u2019information Vivre une pratique citoyenne des m\u00e9dias \u00c0 l\u2019heure o\u00f9 les infox circulent plus [&hellip;]","og_url":"http:\/\/perigord-in.fr\/","og_site_name":"Perigord&#039;In","article_modified_time":"2025-10-01T16:48:06+00:00","og_image":[{"url":"http:\/\/perigord-in.fr\/wp-content\/uploads\/2025\/08\/intervention-onde-porteuse-1024x768.jpeg","type":"","width":"","height":""}],"twitter_card":"summary_large_image","twitter_misc":{"Est. reading time":"1 minute"},"schema":{"@context":"https:\/\/schema.org","@graph":[{"@type":"WebPage","@id":"http:\/\/perigord-in.fr\/","url":"http:\/\/perigord-in.fr\/","name":"Accueil - Perigord&#039;In","isPartOf":{"@id":"http:\/\/perigord-in.fr\/#website"},"primaryImageOfPage":{"@id":"http:\/\/perigord-in.fr\/#primaryimage"},"image":{"@id":"http:\/\/perigord-in.fr\/#primaryimage"},"thumbnailUrl":"http:\/\/perigord-in.fr\/wp-content\/uploads\/2025\/08\/intervention-onde-porteuse-1024x768.jpeg","datePublished":"2025-09-12T13:44:17+00:00","dateModified":"2025-10-01T16:48:06+00:00","breadcrumb":{"@id":"http:\/\/perigord-in.fr\/#breadcrumb"},"inLanguage":"en-US","potentialAction":[{"@type":"ReadAction","target":["http:\/\/perigord-in.fr\/"]}]},{"@type":"ImageObject","inLanguage":"en-US","@id":"http:\/\/perigord-in.fr\/#primaryimage","url":"http:\/\/perigord-in.fr\/wp-content\/uploads\/2025\/08\/intervention-onde-porteuse-scaled.jpeg","contentUrl":"http:\/\/perigord-in.fr\/wp-content\/uploads\/2025\/08\/intervention-onde-porteuse-scaled.jpeg","width":2560,"height":1920},{"@type":"BreadcrumbList","@id":"http:\/\/perigord-in.fr\/#breadcrumb","itemListElement":[{"@type":"ListItem","position":1,"name":"Home","item":"http:\/\/perigord-in.fr\/"},{"@type":"ListItem","position":2,"name":"Accueil"}]},{"@type":"WebSite","@id":"http:\/\/perigord-in.fr\/#website","url":"http:\/\/perigord-in.fr\/","name":"Perigord&#039;In","description":"","publisher":{"@id":"http:\/\/perigord-in.fr\/#organization"},"potentialAction":[{"@type":"SearchAction","target":{"@type":"EntryPoint","urlTemplate":"http:\/\/perigord-in.fr\/?s={search_term_string}"},"query-input":{"@type":"PropertyValueSpecification","valueRequired":true,"valueName":"search_term_string"}}],"inLanguage":"en-US"},{"@type":"Organization","@id":"http:\/\/perigord-in.fr\/#organization","name":"Perigord&#039;In","url":"http:\/\/perigord-in.fr\/","logo":{"@type":"ImageObject","inLanguage":"en-US","@id":"http:\/\/perigord-in.fr\/#\/schema\/logo\/image\/","url":"http:\/\/perigord-in.fr\/wp-content\/uploads\/2025\/10\/cropped-PX-baseline@2x-scaled-1.png","contentUrl":"http:\/\/perigord-in.fr\/wp-content\/uploads\/2025\/10\/cropped-PX-baseline@2x-scaled-1.png","width":2560,"height":854,"caption":"Perigord&#039;In"},"image":{"@id":"http:\/\/perigord-in.fr\/#\/schema\/logo\/image\/"}}]}},"_links":{"self":[{"href":"http:\/\/perigord-in.fr\/index.php\/wp-json\/wp\/v2\/pages\/34","targetHints":{"allow":["GET"]}}],"collection":[{"href":"http:\/\/perigord-in.fr\/index.php\/wp-json\/wp\/v2\/pages"}],"about":[{"href":"http:\/\/perigord-in.fr\/index.php\/wp-json\/wp\/v2\/types\/page"}],"author":[{"embeddable":true,"href":"http:\/\/perigord-in.fr\/index.php\/wp-json\/wp\/v2\/users\/2"}],"replies":[{"embeddable":true,"href":"http:\/\/perigord-in.fr\/index.php\/wp-json\/wp\/v2\/comments?post=34"}],"version-history":[{"count":8,"href":"http:\/\/perigord-in.fr\/index.php\/wp-json\/wp\/v2\/pages\/34\/revisions"}],"predecessor-version":[{"id":121,"href":"http:\/\/perigord-in.fr\/index.php\/wp-json\/wp\/v2\/pages\/34\/revisions\/121"}],"wp:attachment":[{"href":"http:\/\/perigord-in.fr\/index.php\/wp-json\/wp\/v2\/media?parent=34"}],"curies":[{"name":"wp","href":"https:\/\/api.w.org\/{rel}","templated":true}]}}